{"id":1972,"date":"2020-10-03T10:34:20","date_gmt":"2020-10-03T08:34:20","guid":{"rendered":"https:\/\/ntnui.no\/skiogfjellsport\/?page_id=1972"},"modified":"2024-10-10T16:56:05","modified_gmt":"2024-10-10T14:56:05","slug":"turkoordinator","status":"publish","type":"page","link":"https:\/\/ntnui.no\/skiogfjellsport\/turkoordinator\/","title":{"rendered":"Turkoordinator"},"content":{"rendered":"\n<div class=\"wp-block-media-text alignwide is-stacked-on-mobile\"><figure class=\"wp-block-media-text__media\"><img data-recalc-dims=\"1\" loading=\"lazy\" decoding=\"async\" width=\"700\" height=\"467\" data-attachment-id=\"3703\" data-permalink=\"https:\/\/ntnui.no\/skiogfjellsport\/turkoordinator\/2024-10-10-16_55_40-img_3019-jpg-webp-image-700-x-467-pixels-mozilla-firefox\/\" data-orig-file=\"https:\/\/i0.wp.com\/ntnui.no\/skiogfjellsport\/wp-content\/uploads\/sites\/260\/2024\/10\/2024-10-10-16_55_40-IMG_3019.jpg-WEBP-Image-700-%C3%97-467-pixels-%E2%80%94-Mozilla-Firefox.png?fit=1550%2C1033&amp;ssl=1\" data-orig-size=\"1550,1033\" data-comments-opened=\"0\" data-image-meta=\"{&quot;aperture&quot;:&quot;0&quot;,&quot;credit&quot;:&quot;&quot;,&quot;camera&quot;:&quot;&quot;,&quot;caption&quot;:&quot;&quot;,&quot;created_timestamp&quot;:&quot;0&quot;,&quot;copyright&quot;:&quot;&quot;,&quot;focal_length&quot;:&quot;0&quot;,&quot;iso&quot;:&quot;0&quot;,&quot;shutter_speed&quot;:&quot;0&quot;,&quot;title&quot;:&quot;&quot;,&quot;orientation&quot;:&quot;0&quot;}\" data-image-title=\"2024-10-10 16_55_40-IMG_3019.jpg (WEBP Image, 700\u00a0\u00d7\u00a0467 pixels) \u2014 Mozilla Firefox\" data-image-description=\"\" data-image-caption=\"\" data-medium-file=\"https:\/\/i0.wp.com\/ntnui.no\/skiogfjellsport\/wp-content\/uploads\/sites\/260\/2024\/10\/2024-10-10-16_55_40-IMG_3019.jpg-WEBP-Image-700-%C3%97-467-pixels-%E2%80%94-Mozilla-Firefox.png?fit=300%2C200&amp;ssl=1\" data-large-file=\"https:\/\/i0.wp.com\/ntnui.no\/skiogfjellsport\/wp-content\/uploads\/sites\/260\/2024\/10\/2024-10-10-16_55_40-IMG_3019.jpg-WEBP-Image-700-%C3%97-467-pixels-%E2%80%94-Mozilla-Firefox.png?fit=700%2C467&amp;ssl=1\" src=\"https:\/\/i0.wp.com\/ntnui.no\/skiogfjellsport\/wp-content\/uploads\/sites\/260\/2024\/10\/2024-10-10-16_55_40-IMG_3019.jpg-WEBP-Image-700-%C3%97-467-pixels-%E2%80%94-Mozilla-Firefox.png?resize=700%2C467&#038;ssl=1\" alt=\"\" class=\"wp-image-3703\" \/><\/figure><div class=\"wp-block-media-text__content\">\n<p class=\"has-text-align-right has-large-font-size\"><strong><span class=\"has-inline-color has-dark-black-color\">Har du lyst til \u00e5 organisere en tur sammen med andre? Da kan du bli med i en komite<\/span><\/strong><\/p>\n\n\n\n<p class=\"has-text-align-right\">Foto: Kari Noer Lilli<\/p>\n<\/div><\/div>\n\n\n\n<div class=\"wp-block-coblocks-accordion\">\n<div class=\"wp-block-coblocks-accordion-item\"><details open><summary class=\"wp-block-coblocks-accordion-item__title has-text-color has-dark-black-color\"><strong>V\u00e5re komiteer:<\/strong><\/summary><div class=\"wp-block-coblocks-accordion-item__content\">\n<div class=\"wp-block-group\"><div class=\"wp-block-group__inner-container is-layout-flow wp-block-group-is-layout-flow\">\n<p>I ski og fjellsport har vi tre komiteer, Amundsen, Nansen og sosial komiteen,  se <a href=\"https:\/\/ntnui.no\/skiogfjellsport\/turkoordinator\/comitees\/\"><strong>comittees<\/strong><\/a>. Hver komite har 15 medlemmer som arrangerer alt fra buldrekveller til toppturer og bredturer. N\u00e5r man er med i en komitee blir man med i et felleskap som m\u00f8tes jevnlig og drar p\u00e5 turer sammen. I tilllegg f\u00e5r v\u00e5re komite medlemmer lettere plass p\u00e5 turer som blir arrangert av ski og fjellsport. <\/p>\n<\/div><\/div>\n<\/div><\/details><\/div>\n\n\n\n<div class=\"wp-block-coblocks-accordion-item\"><details open><summary class=\"wp-block-coblocks-accordion-item__title has-text-color has-dark-black-color\"><strong>Hvordan bli komite medlem?<\/strong><\/summary><div class=\"wp-block-coblocks-accordion-item__content\">\n<p>I starten av hvert semester har vi &#8220;opptak&#8221; av nye medlemmer til komiteene. P\u00e5meldingene til dette blir sendt ut p\u00e5 mail n\u00e5r man har meldt seg inn i ski og fjellsport. I tillegg har vi \u00e5rsm\u00f8ter i starten av semesteret hvor stillinger i styret og informasjon om innmelding i komitene blir annonsert<\/p>\n<\/div><\/details><\/div>\n\n\n\n<div class=\"wp-block-coblocks-accordion-item\"><details open><summary class=\"wp-block-coblocks-accordion-item__title\"><span class=\"has-inline-color has-dark-black-color\"><strong>Hvordan arrangere tu<\/strong><\/span><strong><span class=\"has-inline-color has-dark-black-color\">r <\/span>uten \u00e5 v\u00e6re komite medlem?<\/strong><\/summary><div class=\"wp-block-coblocks-accordion-item__content\">\n<div class=\"wp-block-group\"><div class=\"wp-block-group__inner-container is-layout-flow wp-block-group-is-layout-flow\">\n<p>Hvis du ikke er medlem av en komite, men fortsatt vil arrangere turer kan du sende mail til ski-og-fjellsport@ntnui.no. Da kan du f\u00e5 hjelp av medlemmer i styret til \u00e5 arrangere din tur \ud83d\ude42<\/p>\n<\/div><\/div>\n<\/div><\/details><\/div>\n<\/div>\n\n\n\n<p><\/p>\n","protected":false},"excerpt":{"rendered":"<p>Har du lyst til \u00e5 organisere en tur sammen med andre? Da kan du bli med i en komite Foto: Kari Noer Lilli<\/p>\n","protected":false},"author":213,"featured_media":0,"parent":0,"menu_order":0,"comment_status":"closed","ping_status":"closed","template":"","meta":{"_coblocks_attr":"","_coblocks_dimensions":"","_coblocks_responsive_height":"","_coblocks_accordion_ie_support":"","_price":"","_stock":"","_tribe_ticket_header":"","_tribe_default_ticket_provider":"","_tribe_ticket_capacity":"0","_ticket_start_date":"","_ticket_end_date":"","_tribe_ticket_show_description":"","_tribe_ticket_show_not_going":false,"_tribe_ticket_use_global_stock":"","_tribe_ticket_global_stock_level":"","_global_stock_mode":"","_global_stock_cap":"","_tribe_rsvp_for_event":"","_tribe_ticket_going_count":"","_tribe_ticket_not_going_count":"","_tribe_tickets_list":[],"_tribe_ticket_has_attendee_info_fields":false,"_EventAllDay":false,"_EventTimezone":"","_EventStartDate":"","_EventEndDate":"","_EventStartDateUTC":"","_EventEndDateUTC":"","_EventShowMap":false,"_EventShowMapLink":false,"_EventURL":"","_EventCost":"","_EventCostDescription":"","_EventCurrencySymbol":"","_EventCurrencyPosition":"","_EventDateTimeSeparator":"","_EventTimeRangeSeparator":"","_EventOrganizerID":[],"_EventVenueID":0,"_OrganizerEmail":"","_OrganizerPhone":"","_OrganizerWebsite":"","_VenueAddress":"","_VenueCity":"","_VenueCountry":"","_VenueProvince":"","_VenueZip":"","_VenuePhone":"","_VenueURL":"","_VenueStateProvince":"","_VenueLat":"","_VenueLng":"","jetpack_post_was_ever_published":false,"footnotes":""},"class_list":["post-1972","page","type-page","status-publish","hentry"],"featured_image_src":null,"featured_image_src_square":null,"jetpack_sharing_enabled":true,"jetpack_shortlink":"https:\/\/wp.me\/PaRxMM-vO","jetpack-related-posts":[],"_links":{"self":[{"href":"https:\/\/ntnui.no\/skiogfjellsport\/wp-json\/wp\/v2\/pages\/1972","targetHints":{"allow":["GET"]}}],"collection":[{"href":"https:\/\/ntnui.no\/skiogfjellsport\/wp-json\/wp\/v2\/pages"}],"about":[{"href":"https:\/\/ntnui.no\/skiogfjellsport\/wp-json\/wp\/v2\/types\/page"}],"author":[{"embeddable":true,"href":"https:\/\/ntnui.no\/skiogfjellsport\/wp-json\/wp\/v2\/users\/213"}],"replies":[{"embeddable":true,"href":"https:\/\/ntnui.no\/skiogfjellsport\/wp-json\/wp\/v2\/comments?post=1972"}],"version-history":[{"count":5,"href":"https:\/\/ntnui.no\/skiogfjellsport\/wp-json\/wp\/v2\/pages\/1972\/revisions"}],"predecessor-version":[{"id":3704,"href":"https:\/\/ntnui.no\/skiogfjellsport\/wp-json\/wp\/v2\/pages\/1972\/revisions\/3704"}],"wp:attachment":[{"href":"https:\/\/ntnui.no\/skiogfjellsport\/wp-json\/wp\/v2\/media?parent=1972"}],"curies":[{"name":"wp","href":"https:\/\/api.w.org\/{rel}","templated":true}]}}